{"id":357,"date":"2017-01-02T12:27:33","date_gmt":"2017-01-02T12:27:33","guid":{"rendered":"https:\/\/www.stanjko.at\/wordpress\/?page_id=357"},"modified":"2020-04-03T11:26:38","modified_gmt":"2020-04-03T11:26:38","slug":"inklusives-kunstcafe","status":"publish","type":"page","link":"https:\/\/www.domisil.at\/wordpress\/?page_id=357","title":{"rendered":"inklusives Kunstcaf\u00e9"},"content":{"rendered":"<p>Bauliche \u00c4nderungen f\u00fcr ein Kunstcaf\u00e9 mit Keramikwerkstatt<img loading=\"lazy\" decoding=\"async\" class=\"alignnone size-full wp-image-740\" src=\"https:\/\/www.domisil.at\/wordpress\/wp-content\/uploads\/2020\/02\/1602-Foto-Cafe-08-scaled.jpg\" alt=\"\" width=\"2560\" height=\"1920\" srcset=\"https:\/\/www.domisil.at\/wordpress\/wp-content\/uploads\/2020\/02\/1602-Foto-Cafe-08-scaled.jpg 2560w, https:\/\/www.domisil.at\/wordpress\/wp-content\/uploads\/2020\/02\/1602-Foto-Cafe-08-300x225.jpg 300w, https:\/\/www.domisil.at\/wordpress\/wp-content\/uploads\/2020\/02\/1602-Foto-Cafe-08-1024x768.jpg 1024w, https:\/\/www.domisil.at\/wordpress\/wp-content\/uploads\/2020\/02\/1602-Foto-Cafe-08-768x576.jpg 768w, https:\/\/www.domisil.at\/wordpress\/wp-content\/uploads\/2020\/02\/1602-Foto-Cafe-08-1536x1152.jpg 1536w, https:\/\/www.domisil.at\/wordpress\/wp-content\/uploads\/2020\/02\/1602-Foto-Cafe-08-2048x1536.jpg 2048w\" sizes=\"auto, (max-width: 2560px) 100vw, 2560px\" \/>Im Erdgeschoss eines denkmalgesch\u00fctzten Geb\u00e4udes wurde ein barrierefreies Kunstcaf\u00e9 mit Keramikwerkstatt geplant und umgesetzt. Es handelt sich um ein inklusives Projekt in einer Tagesstruktur. Bereits in der Bauphase haben Menschen mit Behinderung mitgearbeitet und u.a. Maler-, Tischler- und Schlosserarbeiten durchgef\u00fchrt. F\u00fcr den Sanit\u00e4rbereich wurde ein Waschtisch in der hauseigenen Keramikwerkstatt hergestellt. Ein Teil der M\u00f6bel wurde extra f\u00fcr das Projekt entworfen, wobei besonderes Augenmerk auf die Haltbarkeit und Qualit\u00e4t der Materialien gelegt wurde. Bei einem Gro\u00dfteil der M\u00f6bel wurde ge\u00f6ltes Altholz verwendet. <img loading=\"lazy\" decoding=\"async\" class=\"alignnone size-full wp-image-749\" src=\"https:\/\/www.domisil.at\/wordpress\/wp-content\/uploads\/2020\/02\/1602-m\u00f6bel-waschtisch.jpg\" alt=\"\" width=\"1425\" height=\"848\" srcset=\"https:\/\/www.domisil.at\/wordpress\/wp-content\/uploads\/2020\/02\/1602-m\u00f6bel-waschtisch.jpg 1425w, https:\/\/www.domisil.at\/wordpress\/wp-content\/uploads\/2020\/02\/1602-m\u00f6bel-waschtisch-300x179.jpg 300w, https:\/\/www.domisil.at\/wordpress\/wp-content\/uploads\/2020\/02\/1602-m\u00f6bel-waschtisch-1024x609.jpg 1024w, https:\/\/www.domisil.at\/wordpress\/wp-content\/uploads\/2020\/02\/1602-m\u00f6bel-waschtisch-768x457.jpg 768w\" sizes=\"auto, (max-width: 1425px) 100vw, 1425px\" \/>Ein weiterer Teil der M\u00f6blierung wurde mit Second-Hand-M\u00f6beln, die nach und nach erg\u00e4nzt wurden, best\u00fcckt. Das Herzst\u00fcck des Caf\u00e9s ist eine wundersch\u00f6n restaurierte FAEMA aus den 60-er Jahren. <img loading=\"lazy\" decoding=\"async\" class=\"alignnone size-full wp-image-733\" src=\"https:\/\/www.domisil.at\/wordpress\/wp-content\/uploads\/2020\/02\/1602-Foto-Cafe-01-scaled.jpg\" alt=\"\" width=\"2560\" height=\"1920\" srcset=\"https:\/\/www.domisil.at\/wordpress\/wp-content\/uploads\/2020\/02\/1602-Foto-Cafe-01-scaled.jpg 2560w, https:\/\/www.domisil.at\/wordpress\/wp-content\/uploads\/2020\/02\/1602-Foto-Cafe-01-300x225.jpg 300w, https:\/\/www.domisil.at\/wordpress\/wp-content\/uploads\/2020\/02\/1602-Foto-Cafe-01-1024x768.jpg 1024w, https:\/\/www.domisil.at\/wordpress\/wp-content\/uploads\/2020\/02\/1602-Foto-Cafe-01-768x576.jpg 768w, https:\/\/www.domisil.at\/wordpress\/wp-content\/uploads\/2020\/02\/1602-Foto-Cafe-01-1536x1152.jpg 1536w, https:\/\/www.domisil.at\/wordpress\/wp-content\/uploads\/2020\/02\/1602-Foto-Cafe-01-2048x1536.jpg 2048w\" sizes=\"auto, (max-width: 2560px) 100vw, 2560px\" \/>Die Ziele des Projekts sind eine barrierefreie Nutzung der R\u00e4umlichkeiten und eine \u00d6ffnung nach au\u00dfen. Dadurch soll die Grundlage f\u00fcr einen verst\u00e4rkten Austausch mit Kulturschaffenden und Bewohner*innen im Gr\u00e4tzel geschaffen werden. Teile des Caf\u00e9s werden als Ausstellungsfl\u00e4chen genutzt. Der \u00dcbergang zur Keramikwerkstatt ist flie\u00dfend und soll zum Mitmachen anregen. <img loading=\"lazy\" decoding=\"async\" class=\"alignnone size-full wp-image-744\" src=\"https:\/\/www.domisil.at\/wordpress\/wp-content\/uploads\/2020\/02\/1602-Hof-01-scaled.jpg\" alt=\"\" width=\"2560\" height=\"1920\" srcset=\"https:\/\/www.domisil.at\/wordpress\/wp-content\/uploads\/2020\/02\/1602-Hof-01-scaled.jpg 2560w, https:\/\/www.domisil.at\/wordpress\/wp-content\/uploads\/2020\/02\/1602-Hof-01-300x225.jpg 300w, https:\/\/www.domisil.at\/wordpress\/wp-content\/uploads\/2020\/02\/1602-Hof-01-1024x768.jpg 1024w, https:\/\/www.domisil.at\/wordpress\/wp-content\/uploads\/2020\/02\/1602-Hof-01-768x576.jpg 768w, https:\/\/www.domisil.at\/wordpress\/wp-content\/uploads\/2020\/02\/1602-Hof-01-1536x1152.jpg 1536w, https:\/\/www.domisil.at\/wordpress\/wp-content\/uploads\/2020\/02\/1602-Hof-01-2048x1536.jpg 2048w\" sizes=\"auto, (max-width: 2560px) 100vw, 2560px\" \/>In der w\u00e4rmeren Jahreszeit l\u00e4dt der Innenhof zum Verweilen ein. Die Gestaltung und Umsetzung erfolgte gemeinsam mit einer Lehrlingsgruppe (Gartengestaltung) und anderen Tagesstrukturen (Terrasse, Ausstellung Metallskulpturen).<img loading=\"lazy\" decoding=\"async\" class=\"alignnone size-full wp-image-745\" src=\"https:\/\/www.domisil.at\/wordpress\/wp-content\/uploads\/2020\/02\/1602-Hof-02-scaled.jpg\" alt=\"\" width=\"2560\" height=\"1920\" srcset=\"https:\/\/www.domisil.at\/wordpress\/wp-content\/uploads\/2020\/02\/1602-Hof-02-scaled.jpg 2560w, https:\/\/www.domisil.at\/wordpress\/wp-content\/uploads\/2020\/02\/1602-Hof-02-300x225.jpg 300w, https:\/\/www.domisil.at\/wordpress\/wp-content\/uploads\/2020\/02\/1602-Hof-02-1024x768.jpg 1024w, https:\/\/www.domisil.at\/wordpress\/wp-content\/uploads\/2020\/02\/1602-Hof-02-768x576.jpg 768w, https:\/\/www.domisil.at\/wordpress\/wp-content\/uploads\/2020\/02\/1602-Hof-02-1536x1152.jpg 1536w, https:\/\/www.domisil.at\/wordpress\/wp-content\/uploads\/2020\/02\/1602-Hof-02-2048x1536.jpg 2048w\" sizes=\"auto, (max-width: 2560px) 100vw, 2560px\" \/>Als Kunstaktion w\u00e4hrend der Baustelle wurde das Schutznetz des Fassadenger\u00fcstes von den Kund*innen der Tagesstruktur gestaltet. <img loading=\"lazy\" decoding=\"async\" class=\"alignnone size-full wp-image-750\" src=\"https:\/\/www.domisil.at\/wordpress\/wp-content\/uploads\/2020\/02\/1602-Fassadenger\u00fcst-scaled.jpg\" alt=\"\" width=\"2560\" height=\"1920\" srcset=\"https:\/\/www.domisil.at\/wordpress\/wp-content\/uploads\/2020\/02\/1602-Fassadenger\u00fcst-scaled.jpg 2560w, https:\/\/www.domisil.at\/wordpress\/wp-content\/uploads\/2020\/02\/1602-Fassadenger\u00fcst-300x225.jpg 300w, https:\/\/www.domisil.at\/wordpress\/wp-content\/uploads\/2020\/02\/1602-Fassadenger\u00fcst-1024x768.jpg 1024w, https:\/\/www.domisil.at\/wordpress\/wp-content\/uploads\/2020\/02\/1602-Fassadenger\u00fcst-768x576.jpg 768w, https:\/\/www.domisil.at\/wordpress\/wp-content\/uploads\/2020\/02\/1602-Fassadenger\u00fcst-1536x1152.jpg 1536w, https:\/\/www.domisil.at\/wordpress\/wp-content\/uploads\/2020\/02\/1602-Fassadenger\u00fcst-2048x1536.jpg 2048w\" sizes=\"auto, (max-width: 2560px) 100vw, 2560px\" \/>Bereits vor Baubeginn wurden die tempor\u00e4r leerstehenden R\u00e4umlichkeiten immer wieder f\u00fcr verschiedene Aktivit\u00e4ten genutzt. Im September 2016 wurde im Rahmen einer einw\u00f6chigen Kunstaktion der gesamte Erdgeschossbereich von Jugend am Werk als tempor\u00e4re Kreativzone bespielt.<\/p>\n\n\t\t<!-- MasterSlider -->\n\t\t<div id=\"P_MS69f5beda0c3d4\" class=\"master-slider-parent msl ms-parent-id-3\" style=\"max-width:800px;\">\n\n\t\t\t\n\t\t\t<!-- MasterSlider Main -->\n\t\t\t<div id=\"MS69f5beda0c3d4\" class=\"master-slider ms-skin-black-2 round-skin\" >\n\t\t\t\t \t\t\t\t \n\t\t\t\t<div  class=\"ms-slide\" data-delay=\"3\" data-fill-mode=\"fit\"  >\n\t\t\t\t\t<img decoding=\"async\" src=\"https:\/\/www.domisil.at\/wordpress\/wp-content\/plugins\/master-slider\/public\/assets\/css\/blank.gif\" alt=\"Foto JAW-Kunstaktion &quot;Recycling&quot; wei\u00df \u00fcbermalte Collage aus Abfallmaterial\" title=\"\" data-src=\"https:\/\/www.domisil.at\/wordpress\/wp-content\/uploads\/2017\/01\/JAW-Kunstaktion-Collage-02.jpg\" \/>\n\n\n\t<img decoding=\"async\" class=\"ms-thumb\" src=\"https:\/\/www.domisil.at\/wordpress\/wp-content\/uploads\/2017\/01\/JAW-Kunstaktion-Collage-02-140x80.jpg\" alt=\"Foto JAW-Kunstaktion &quot;Recycling&quot; wei\u00df \u00fcbermalte Collage aus Abfallmaterial\" \/>\n\t<div class=\"ms-thumb\" ><div class=\"ms-tab-context\"><div class=\"&quot;ms-tab-context&quot;\"><\/div><\/div>\n<\/div>\n\t\t\t\t<\/div>\n\t\t\t\t<div  class=\"ms-slide\" data-delay=\"3\" data-fill-mode=\"fit\"  >\n\t\t\t\t\t<img decoding=\"async\" src=\"https:\/\/www.domisil.at\/wordpress\/wp-content\/plugins\/master-slider\/public\/assets\/css\/blank.gif\" alt=\"Foto JAW-Kunstaktion &quot;Dschungel&quot; mit bunten Kreppapierstreifen, Luftballons und bemalten W\u00e4nden\" title=\"\" data-src=\"https:\/\/www.domisil.at\/wordpress\/wp-content\/uploads\/2017\/01\/JAW-Kunstaktion-Dschungel.jpg\" \/>\n\n\n\t<img decoding=\"async\" class=\"ms-thumb\" src=\"https:\/\/www.domisil.at\/wordpress\/wp-content\/uploads\/2017\/01\/JAW-Kunstaktion-Dschungel-140x80.jpg\" alt=\"Foto JAW-Kunstaktion &quot;Dschungel&quot; mit bunten Kreppapierstreifen, Luftballons und bemalten W\u00e4nden\" \/>\n\t<div class=\"ms-thumb\" ><div class=\"ms-tab-context\"><div class=\"&quot;ms-tab-context&quot;\"><\/div><\/div>\n<\/div>\n\t\t\t\t<\/div>\n\t\t\t\t<div  class=\"ms-slide\" data-delay=\"3\" data-fill-mode=\"fit\"  >\n\t\t\t\t\t<img decoding=\"async\" src=\"https:\/\/www.domisil.at\/wordpress\/wp-content\/plugins\/master-slider\/public\/assets\/css\/blank.gif\" alt=\"Foto JAW-Kunstaktion &quot;Dance&quot; mit besprayten W\u00e4nden\" title=\"\" data-src=\"https:\/\/www.domisil.at\/wordpress\/wp-content\/uploads\/2017\/01\/JAW-Kunstaktion-Tanzgruppe.jpg\" \/>\n\n\n\t<img decoding=\"async\" class=\"ms-thumb\" src=\"https:\/\/www.domisil.at\/wordpress\/wp-content\/uploads\/2017\/01\/JAW-Kunstaktion-Tanzgruppe-140x80.jpg\" alt=\"Foto JAW-Kunstaktion &quot;Dance&quot; mit besprayten W\u00e4nden\" \/>\n\t<div class=\"ms-thumb\" ><div class=\"ms-tab-context\"><div class=\"&quot;ms-tab-context&quot;\"><\/div><\/div>\n<\/div>\n\t\t\t\t<\/div>\n\t\t\t\t<div  class=\"ms-slide\" data-delay=\"3\" data-fill-mode=\"fit\"  >\n\t\t\t\t\t<img decoding=\"async\" src=\"https:\/\/www.domisil.at\/wordpress\/wp-content\/plugins\/master-slider\/public\/assets\/css\/blank.gif\" alt=\"Foto JAW-Kunstaktion &quot;Diese Kunst ist ein Geschenk&quot; Collage mit Zeitungen, Holzkisten, Wolle und Laptop\" title=\"\" data-src=\"https:\/\/www.domisil.at\/wordpress\/wp-content\/uploads\/2017\/01\/JAW-Kunstaktion-Collage-01-e1483443635268.jpg\" \/>\n\n\n\t<img decoding=\"async\" class=\"ms-thumb\" src=\"https:\/\/www.domisil.at\/wordpress\/wp-content\/uploads\/2017\/01\/JAW-Kunstaktion-Collage-01-e1483443635268-140x80.jpg\" alt=\"Foto JAW-Kunstaktion &quot;Diese Kunst ist ein Geschenk&quot; Collage mit Zeitungen, Holzkisten, Wolle und Laptop\" \/>\n\t<div class=\"ms-thumb\" ><div class=\"ms-tab-context\"><div class=\"&quot;ms-tab-context&quot;\"><\/div><\/div>\n<\/div>\n\t\t\t\t<\/div>\n\t\t\t\t<div  class=\"ms-slide\" data-delay=\"3\" data-fill-mode=\"fill\"  >\n\t\t\t\t\t<img decoding=\"async\" src=\"https:\/\/www.domisil.at\/wordpress\/wp-content\/plugins\/master-slider\/public\/assets\/css\/blank.gif\" alt=\"Foto JAW-Kunstaktion bemalte K\u00fcche, W\u00e4nde und Gew\u00f6lbe\" title=\"\" data-src=\"https:\/\/www.domisil.at\/wordpress\/wp-content\/uploads\/2017\/01\/JAW-Kunstaktion-K\u00fcche.jpg\" \/>\n\n\n\t<img decoding=\"async\" class=\"ms-thumb\" src=\"https:\/\/www.domisil.at\/wordpress\/wp-content\/uploads\/2017\/01\/JAW-Kunstaktion-K\u00fcche-140x80.jpg\" alt=\"Foto JAW-Kunstaktion bemalte K\u00fcche, W\u00e4nde und Gew\u00f6lbe\" \/>\n\t<div class=\"ms-thumb\" ><div class=\"ms-tab-context\"><div class=\"&quot;ms-tab-context&quot;\"><\/div><\/div>\n<\/div>\n\t\t\t\t<\/div>\n\t\t\t\t<div  class=\"ms-slide\" data-delay=\"3\" data-fill-mode=\"fit\"  >\n\t\t\t\t\t<img decoding=\"async\" src=\"https:\/\/www.domisil.at\/wordpress\/wp-content\/plugins\/master-slider\/public\/assets\/css\/blank.gif\" alt=\"Foto JAW-Kunstaktion &quot;Recycling&quot; mit Projektion, Gipsskulpturen und Recycling-Collage\" title=\"\" data-src=\"https:\/\/www.domisil.at\/wordpress\/wp-content\/uploads\/2017\/01\/JAW-Kunstaktion-Projektor-e1483438933478.jpg\" \/>\n\n\n\t<img decoding=\"async\" class=\"ms-thumb\" src=\"https:\/\/www.domisil.at\/wordpress\/wp-content\/uploads\/2017\/01\/JAW-Kunstaktion-Projektor-e1483438933478-140x80.jpg\" alt=\"Foto JAW-Kunstaktion &quot;Recycling&quot; mit Projektion, Gipsskulpturen und Recycling-Collage\" \/>\n\t<div class=\"ms-thumb\" ><div class=\"ms-tab-context\"><div class=\"&quot;ms-tab-context&quot;\"><\/div><\/div>\n<\/div>\n\t\t\t\t<\/div>\n\n\t\t\t<\/div>\n\t\t\t<!-- END MasterSlider Main -->\n\n\t\t\t \n\t\t<\/div>\n\t\t<!-- END MasterSlider -->\n\n\t\t<script>\n\t\t(function ( $ ) {\n\t\t\t\"use strict\";\n\n\t\t\t$(function () {\n\t\t\t\tvar masterslider_c3d4 = new MasterSlider();\n\n\t\t\t\t\/\/ slider controls\n\t\t\t\tmasterslider_c3d4.control('arrows'     ,{ autohide:true, overVideo:true  });\n\t\t\t\tmasterslider_c3d4.control('thumblist'  ,{ autohide:false, overVideo:true, dir:'h', speed:17, inset:false, arrows:false, hover:false, customClass:'', align:'bottom',type:'thumbs', margin:5, width:140, height:80, space:5, fillMode:'fill'  });\n\t\t\t\t\/\/ slider setup\n\t\t\t\tmasterslider_c3d4.setup(\"MS69f5beda0c3d4\", {\n\t\t\t\t\t\twidth           : 800,\n\t\t\t\t\t\theight          : 480,\n\t\t\t\t\t\tminHeight       : 0,\n\t\t\t\t\t\tspace           : 0,\n\t\t\t\t\t\tstart           : 1,\n\t\t\t\t\t\tgrabCursor      : true,\n\t\t\t\t\t\tswipe           : true,\n\t\t\t\t\t\tmouse           : true,\n\t\t\t\t\t\tlayout          : \"boxed\",\n\t\t\t\t\t\twheel           : false,\n\t\t\t\t\t\tautoplay        : false,\n\t\t\t\t\t\tinstantStartLayers:false,\n\t\t\t\t\t\tloop            : false,\n\t\t\t\t\t\tshuffle         : false,\n\t\t\t\t\t\tpreload         : 0,\n\t\t\t\t\t\theightLimit     : true,\n\t\t\t\t\t\tautoHeight      : false,\n\t\t\t\t\t\tsmoothHeight    : true,\n\t\t\t\t\t\tendPause        : false,\n\t\t\t\t\t\toverPause       : true,\n\t\t\t\t\t\tfillMode        : \"fill\",\n\t\t\t\t\t\tcenterControls  : true,\n\t\t\t\t\t\tstartOnAppear   : false,\n\t\t\t\t\t\tlayersMode      : \"center\",\n\t\t\t\t\t\thideLayers      : false,\n\t\t\t\t\t\tfullscreenMargin: 0,\n\t\t\t\t\t\tspeed           : 30,\n\t\t\t\t\t\tdir             : \"h\",\n\t\t\t\t\t\tparallaxMode    : 'swipe',\n\t\t\t\t\t\tview            : \"basic\"\n\t\t\t\t});\n\n\t\t\t\t\n\t\t\t\twindow.masterslider_instances = window.masterslider_instances || [];\n\t\t\t\twindow.masterslider_instances.push( masterslider_c3d4 );\n\t\t\t });\n\n\t\t})(jQuery);\n\t\t<\/script>\n\n\n","protected":false},"excerpt":{"rendered":"<p>Bauliche \u00c4nderungen f\u00fcr ein Kunstcaf\u00e9 mit KeramikwerkstattIm Erdgeschoss eines denkmalgesch\u00fctzten Geb\u00e4udes wurde ein barrierefreies Kunstcaf\u00e9 mit Keramikwerkstatt geplant und umgesetzt. Es handelt sich um ein&#8230;<\/p>\n<div class=\"more-link-wrapper\"><a class=\"more-link\" href=\"https:\/\/www.domisil.at\/wordpress\/?page_id=357\">Continue reading<span class=\"screen-reader-text\">inklusives Kunstcaf\u00e9<\/span><\/a><\/div>\n","protected":false},"author":1,"featured_media":0,"parent":105,"menu_order":1602,"comment_status":"closed","ping_status":"closed","template":"","meta":{"footnotes":""},"class_list":["post-357","page","type-page","status-publish","hentry","entry"],"_links":{"self":[{"href":"https:\/\/www.domisil.at\/wordpress\/index.php?rest_route=\/wp\/v2\/pages\/357","targetHints":{"allow":["GET"]}}],"collection":[{"href":"https:\/\/www.domisil.at\/wordpress\/index.php?rest_route=\/wp\/v2\/pages"}],"about":[{"href":"https:\/\/www.domisil.at\/wordpress\/index.php?rest_route=\/wp\/v2\/types\/page"}],"author":[{"embeddable":true,"href":"https:\/\/www.domisil.at\/wordpress\/index.php?rest_route=\/wp\/v2\/users\/1"}],"replies":[{"embeddable":true,"href":"https:\/\/www.domisil.at\/wordpress\/index.php?rest_route=%2Fwp%2Fv2%2Fcomments&post=357"}],"version-history":[{"count":20,"href":"https:\/\/www.domisil.at\/wordpress\/index.php?rest_route=\/wp\/v2\/pages\/357\/revisions"}],"predecessor-version":[{"id":792,"href":"https:\/\/www.domisil.at\/wordpress\/index.php?rest_route=\/wp\/v2\/pages\/357\/revisions\/792"}],"up":[{"embeddable":true,"href":"https:\/\/www.domisil.at\/wordpress\/index.php?rest_route=\/wp\/v2\/pages\/105"}],"wp:attachment":[{"href":"https:\/\/www.domisil.at\/wordpress\/index.php?rest_route=%2Fwp%2Fv2%2Fmedia&parent=357"}],"curies":[{"name":"wp","href":"https:\/\/api.w.org\/{rel}","templated":true}]}}