{"id":248,"date":"2016-12-30T10:17:41","date_gmt":"2016-12-30T10:17:41","guid":{"rendered":"https:\/\/www.stanjko.at\/wordpress\/?page_id=248"},"modified":"2017-01-12T15:26:39","modified_gmt":"2017-01-12T15:26:39","slug":"barrierefrei","status":"publish","type":"page","link":"https:\/\/www.domisil.at\/wordpress\/?page_id=248","title":{"rendered":"Barrierefrei"},"content":{"rendered":"<p style=\"text-align: center;\">Umbau einer Waschk\u00fcche in einen Sanit\u00e4r- und Pflegebereich<\/p>\n<p><img loading=\"lazy\" decoding=\"async\" class=\"aligncenter wp-image-289 size-large\" src=\"https:\/\/www.domisil.at\/wordpress\/wp-content\/uploads\/2016\/12\/JSP_web_03-1024x608.jpg\" alt=\"Foto Sanit\u00e4rraum mit barrierefreier Dusche und WC, dunkelgrauem Boden, wei\u00dfen W\u00e4nden und roten Kontrastelementen\" width=\"1024\" height=\"608\" srcset=\"https:\/\/www.domisil.at\/wordpress\/wp-content\/uploads\/2016\/12\/JSP_web_03-1024x608.jpg 1024w, https:\/\/www.domisil.at\/wordpress\/wp-content\/uploads\/2016\/12\/JSP_web_03-300x178.jpg 300w, https:\/\/www.domisil.at\/wordpress\/wp-content\/uploads\/2016\/12\/JSP_web_03-768x456.jpg 768w\" sizes=\"auto, (max-width: 1024px) 100vw, 1024px\" \/><\/p>\n<p>Die Raumaufteilung wurde ge\u00e4ndert. Im neu geschaffenen Sanit\u00e4rraum wurden Dusche, WC, Waschtisch und Pflegeliege an den Randbereichen um eine gro\u00dfz\u00fcgig freigehaltene Mitte angeordnet. Diese dient als Bewegungsfl\u00e4che f\u00fcr RollstuhlfahrerInnen und zur Arbeit mit dem Hebelifter.<\/p>\n<p><img loading=\"lazy\" decoding=\"async\" class=\"aligncenter wp-image-286\" src=\"https:\/\/www.domisil.at\/wordpress\/wp-content\/uploads\/2016\/12\/03_1507_JSP_3DS-04.png\" alt=\"Perspektive Farbkonzept Sanit\u00e4rraum\" width=\"530\" height=\"330\" srcset=\"https:\/\/www.domisil.at\/wordpress\/wp-content\/uploads\/2016\/12\/03_1507_JSP_3DS-04.png 924w, https:\/\/www.domisil.at\/wordpress\/wp-content\/uploads\/2016\/12\/03_1507_JSP_3DS-04-300x187.png 300w, https:\/\/www.domisil.at\/wordpress\/wp-content\/uploads\/2016\/12\/03_1507_JSP_3DS-04-768x479.png 768w\" sizes=\"auto, (max-width: 530px) 100vw, 530px\" \/><\/p>\n<p>Um Personen mit Sehschw\u00e4che die Orientierung zu erleichtern, werden die Farben wei\u00df, rot und dunkelgrau eingesetzt.<\/p>\n","protected":false},"excerpt":{"rendered":"<p>Umbau einer Waschk\u00fcche in einen Sanit\u00e4r- und Pflegebereich Die Raumaufteilung wurde ge\u00e4ndert. Im neu geschaffenen Sanit\u00e4rraum wurden Dusche, WC, Waschtisch und Pflegeliege an den Randbereichen&#8230;<\/p>\n<div class=\"more-link-wrapper\"><a class=\"more-link\" href=\"https:\/\/www.domisil.at\/wordpress\/?page_id=248\">Continue reading<span class=\"screen-reader-text\">Barrierefrei<\/span><\/a><\/div>\n","protected":false},"author":1,"featured_media":0,"parent":105,"menu_order":1507,"comment_status":"closed","ping_status":"closed","template":"","meta":{"footnotes":""},"class_list":["post-248","page","type-page","status-publish","hentry","entry"],"_links":{"self":[{"href":"https:\/\/www.domisil.at\/wordpress\/index.php?rest_route=\/wp\/v2\/pages\/248","targetHints":{"allow":["GET"]}}],"collection":[{"href":"https:\/\/www.domisil.at\/wordpress\/index.php?rest_route=\/wp\/v2\/pages"}],"about":[{"href":"https:\/\/www.domisil.at\/wordpress\/index.php?rest_route=\/wp\/v2\/types\/page"}],"author":[{"embeddable":true,"href":"https:\/\/www.domisil.at\/wordpress\/index.php?rest_route=\/wp\/v2\/users\/1"}],"replies":[{"embeddable":true,"href":"https:\/\/www.domisil.at\/wordpress\/index.php?rest_route=%2Fwp%2Fv2%2Fcomments&post=248"}],"version-history":[{"count":14,"href":"https:\/\/www.domisil.at\/wordpress\/index.php?rest_route=\/wp\/v2\/pages\/248\/revisions"}],"predecessor-version":[{"id":556,"href":"https:\/\/www.domisil.at\/wordpress\/index.php?rest_route=\/wp\/v2\/pages\/248\/revisions\/556"}],"up":[{"embeddable":true,"href":"https:\/\/www.domisil.at\/wordpress\/index.php?rest_route=\/wp\/v2\/pages\/105"}],"wp:attachment":[{"href":"https:\/\/www.domisil.at\/wordpress\/index.php?rest_route=%2Fwp%2Fv2%2Fmedia&parent=248"}],"curies":[{"name":"wp","href":"https:\/\/api.w.org\/{rel}","templated":true}]}}